{"id":143,"date":"2019-01-20T18:59:32","date_gmt":"2019-01-20T17:59:32","guid":{"rendered":"http:\/\/eleb.at\/?page_id=143"},"modified":"2019-01-20T20:17:02","modified_gmt":"2019-01-20T19:17:02","slug":"datenschutz","status":"publish","type":"page","link":"http:\/\/eleb.at\/?page_id=143","title":{"rendered":"Datenschutz"},"content":{"rendered":"\n<p><strong>Datenschutzerkl\u00e4rung<\/strong><\/p>\n\n\n\n<p>Der Schutz Ihrer pers\u00f6nlichen Daten ist uns ein\nbesonderes Anliegen. Wir verarbeiten Ihre Daten daher ausschlie\u00dflich auf\nGrundlage der gesetzlichen Bestimmungen (DSGVO, TKG 2003). In diesen Datenschutzinformationen\ninformieren wir Sie \u00fcber die wichtigsten Aspekte der Datenverarbeitung im\nRahmen unserer Website.<\/p>\n\n\n\n<p><strong>Dauer, f\u00fcr die die personenbezogenen Daten gespeichert\nwerden<\/strong><\/p>\n\n\n\n<p>Das Kriterium f\u00fcr die Dauer der Speicherung von\npersonenbezogenen Daten ist die jeweilige gesetzliche Aufbewahrungsfrist. Nach\nAblauf der Frist werden die entsprechenden Daten routinem\u00e4\u00dfig gel\u00f6scht, sofern\nsie nicht mehr zur Vertragserf\u00fcllung oder Vertragsanbahnung erforderlich sind. <\/p>\n\n\n\n<p><strong>Kontakt mit uns<\/strong><\/p>\n\n\n\n<p>Wenn Sie per E-Mail-Kontakt mit uns aufnehmen, werden Ihre angegebenen Daten zwecks Bearbeitung der Anfrage und f\u00fcr den Fall von Anschlussfragen sechs Monate bei uns gespeichert. Diese Daten geben wir nicht ohne Ihre Einwilligung weiter. <\/p>\n\n\n\n<p>Sollten Sie damit nicht einverstanden sein, k\u00f6nnen Sie Ihre Zustimmung jederzeit durch Brief\/E-Mail an die Fa. Elektro Ebner, widerrufen. <\/p>\n\n\n\n<p>Bedenken Sie, dass die Daten\u00fcbertragung im Internet\ngrunds\u00e4tzlich mit Sicherheitsl\u00fccken bedacht sein kann. Ein vollumf\u00e4nglicher\nSchutz vor dem Zugriff durch Fremde ist nicht realisierbar.<\/p>\n","protected":false},"excerpt":{"rendered":"<p>Datenschutzerkl\u00e4rung Der Schutz Ihrer pers\u00f6nlichen Daten ist uns ein besonderes Anliegen. Wir verarbeiten Ihre Daten daher ausschlie\u00dflich auf Grundlage der gesetzlichen Bestimmungen (DSGVO, TKG 2003). In diesen Datenschutzinformationen informieren wir Sie \u00fcber die wichtigsten Aspekte der Datenverarbeitung im Rahmen unserer Website. Dauer, f\u00fcr die die personenbezogenen Daten gespeichert werden Das Kriterium f\u00fcr die Dauer der &hellip; <a href=\"http:\/\/eleb.at\/?page_id=143\" class=\"more-link\"><span class=\"screen-reader-text\">&#8222;Datenschutz&#8220; <\/span>weiterlesen<\/a><\/p>\n","protected":false},"author":1,"featured_media":0,"parent":0,"menu_order":0,"comment_status":"closed","ping_status":"closed","template":"","meta":{"footnotes":""},"_links":{"self":[{"href":"http:\/\/eleb.at\/index.php?rest_route=\/wp\/v2\/pages\/143"}],"collection":[{"href":"http:\/\/eleb.at\/index.php?rest_route=\/wp\/v2\/pages"}],"about":[{"href":"http:\/\/eleb.at\/index.php?rest_route=\/wp\/v2\/types\/page"}],"author":[{"embeddable":true,"href":"http:\/\/eleb.at\/index.php?rest_route=\/wp\/v2\/users\/1"}],"replies":[{"embeddable":true,"href":"http:\/\/eleb.at\/index.php?rest_route=%2Fwp%2Fv2%2Fcomments&post=143"}],"version-history":[{"count":8,"href":"http:\/\/eleb.at\/index.php?rest_route=\/wp\/v2\/pages\/143\/revisions"}],"predecessor-version":[{"id":237,"href":"http:\/\/eleb.at\/index.php?rest_route=\/wp\/v2\/pages\/143\/revisions\/237"}],"wp:attachment":[{"href":"http:\/\/eleb.at\/index.php?rest_route=%2Fwp%2Fv2%2Fmedia&parent=143"}],"curies":[{"name":"wp","href":"https:\/\/api.w.org\/{rel}","templated":true}]}}